{"id":3388,"date":"2026-04-22T12:35:41","date_gmt":"2026-04-22T12:35:41","guid":{"rendered":"https:\/\/kapellenschule.de\/?page_id=3388"},"modified":"2026-04-29T09:31:51","modified_gmt":"2026-04-29T09:31:51","slug":"schuleingangsphase","status":"publish","type":"page","link":"https:\/\/kapellenschule.de\/?page_id=3388","title":{"rendered":"Schuleingangsphase"},"content":{"rendered":"\n<p class=\"has-text-align-center\"><strong>Liebe Eltern, liebe Erziehungsberechtigte &amp; liebe Kinder!<\/strong><\/p>\n\n\n\n<p>Mein Name ist&nbsp;<strong>Ira Lohmeier<\/strong>&nbsp;und ich bin seit August 2024 als Fachkraft f\u00fcr die Schuleingangsphase an der Kapellenschule t\u00e4tig. Zu meinen Aufgaben geh\u00f6ren die Arbeit mit den Sch\u00fclerinnen und Sch\u00fclern aber auch die Beratung und Unterst\u00fctzung von Eltern sowie die Kooperation mit den Kindertageseinrichtungen Ihrer Kinder. Ebenfalls unterst\u00fctze ich die Jahrg\u00e4nge 1. &amp; 2. im Unterricht und in der Hausaufgabenzeit.<\/p>\n\n\n\n<p>Im Zeitraum von April bis Juni lade ich Ihre Kinder in Kleingruppen zu einer Vorschule ein, um den \u00dcbergang von Kita in die Grundschule flie\u00dfend zu begleiten.<\/p>\n\n\n\n<p>Mein Ziel ist es, die Kinder spielerisch an den Schulalltag heranzuf\u00fchren und ihre Freude am Lernen zu st\u00e4rken. Dabei werden wichtige Grundlagen wie Sprache, Motorik, Konzentration und soziale Kompetenzen gef\u00f6rdert. <\/p>\n\n\n\n<p>Bei Fragen oder zur Terminvereinbarung wenden Sie sich gern an mich:<\/p>\n\n\n\n<p><strong>Telefon: 05241 \/ 50523910<\/strong><\/p>\n\n\n\n<p><strong>Email: ilohmeier@kapellenschule.de<\/strong><\/p>\n\n\n\n<p class=\"has-text-align-center\"><strong>Arbeitszeiten<\/strong><\/p>\n\n\n\n<figure class=\"wp-block-table\"><table><tbody><tr><td>Montag<\/td><td>Dienstag<\/td><td>Mittwoch<\/td><td>Donnerstag<\/td><td>Freitag<\/td><\/tr><tr><td>8:00 Uhr &#8211; 15:00 Uhr<\/td><td>8:00 Uhr &#8211; 15:00 Uhr<\/td><td>8:00 Uhr &#8211; 15:00 Uhr<\/td><td>8:00 Uhr &#8211; 15:00 Uhr<\/td><td>8:00 Uhr &#8211; 12:00 Uhr<\/td><\/tr><\/tbody><\/table><\/figure>\n","protected":false},"excerpt":{"rendered":"<p>Liebe Eltern, liebe Erziehungsberechtigte &amp; liebe Kinder! Mein Name ist&nbsp;Ira Lohmeier&nbsp;und ich bin seit August 2024 als Fachkraft f\u00fcr die Schuleingangsphase an der Kapellenschule t\u00e4tig. Zu meinen Aufgaben geh\u00f6ren die Arbeit mit den Sch\u00fclerinnen und Sch\u00fclern aber auch die Beratung und Unterst\u00fctzung von Eltern sowie die Kooperation mit den Kindertageseinrichtungen Ihrer Kinder. Ebenfalls unterst\u00fctze ich [&hellip;]<\/p>\n","protected":false},"author":9,"featured_media":0,"parent":0,"menu_order":0,"comment_status":"closed","ping_status":"closed","template":"template-fullwidth.php","meta":{"ngg_post_thumbnail":0},"_links":{"self":[{"href":"https:\/\/kapellenschule.de\/index.php?rest_route=\/wp\/v2\/pages\/3388"}],"collection":[{"href":"https:\/\/kapellenschule.de\/index.php?rest_route=\/wp\/v2\/pages"}],"about":[{"href":"https:\/\/kapellenschule.de\/index.php?rest_route=\/wp\/v2\/types\/page"}],"author":[{"embeddable":true,"href":"https:\/\/kapellenschule.de\/index.php?rest_route=\/wp\/v2\/users\/9"}],"replies":[{"embeddable":true,"href":"https:\/\/kapellenschule.de\/index.php?rest_route=%2Fwp%2Fv2%2Fcomments&post=3388"}],"version-history":[{"count":6,"href":"https:\/\/kapellenschule.de\/index.php?rest_route=\/wp\/v2\/pages\/3388\/revisions"}],"predecessor-version":[{"id":3446,"href":"https:\/\/kapellenschule.de\/index.php?rest_route=\/wp\/v2\/pages\/3388\/revisions\/3446"}],"wp:attachment":[{"href":"https:\/\/kapellenschule.de\/index.php?rest_route=%2Fwp%2Fv2%2Fmedia&parent=3388"}],"curies":[{"name":"wp","href":"https:\/\/api.w.org\/{rel}","templated":true}]}}